{"id":25,"date":"2021-01-29T15:23:31","date_gmt":"2021-01-29T14:23:31","guid":{"rendered":"http:\/\/neurochirurgie-kleve.de\/nck\/?page_id=25"},"modified":"2021-02-11T09:50:16","modified_gmt":"2021-02-11T08:50:16","slug":"krankheitsbilder","status":"publish","type":"page","link":"https:\/\/neurochirurgie-kleve.de\/nck\/krankheitsbilder\/","title":{"rendered":"Krankheitsbilder"},"content":{"rendered":"\t\t<div data-elementor-type=\"wp-page\" data-elementor-id=\"25\" class=\"elementor elementor-25\" data-elementor-settings=\"{&quot;ha_cmc_init_switcher&quot;:&quot;no&quot;}\">\n\t\t\t\t\t\t<section class=\"has_eae_slider elementor-section elementor-top-section elementor-element elementor-element-ea74f98 elementor-section-boxed elementor-section-height-default elementor-section-height-default\" data-eae-slider=\"34091\" data-id=\"ea74f98\" data-element_type=\"section\" data-e-type=\"section\" data-settings=\"{&quot;_ha_eqh_enable&quot;:false}\">\n\t\t\t\t\t\t<div class=\"elementor-container elementor-column-gap-default\">\n\t\t\t\t\t<div class=\"has_eae_slider elementor-column elementor-col-100 elementor-top-column elementor-element elementor-element-b0854be\" data-eae-slider=\"25965\" data-id=\"b0854be\" data-element_type=\"column\" data-e-type=\"column\">\n\t\t\t<div class=\"elementor-widget-wrap elementor-element-populated\">\n\t\t\t\t\t\t<div class=\"elementor-element elementor-element-f8c9f6d elementor-widget elementor-widget-heading\" data-id=\"f8c9f6d\" data-element_type=\"widget\" data-e-type=\"widget\" data-widget_type=\"heading.default\">\n\t\t\t\t<div class=\"elementor-widget-container\">\n\t\t\t\t\t<h2 class=\"elementor-heading-title elementor-size-default\">Krankheitsbilder<\/h2>\t\t\t\t<\/div>\n\t\t\t\t<\/div>\n\t\t\t\t\t<\/div>\n\t\t<\/div>\n\t\t\t\t\t<\/div>\n\t\t<\/section>\n\t\t\t\t<section class=\"has_eae_slider elementor-section elementor-top-section elementor-element elementor-element-c6170c4 elementor-section-boxed elementor-section-height-default elementor-section-height-default\" data-eae-slider=\"82361\" data-id=\"c6170c4\" data-element_type=\"section\" data-e-type=\"section\" data-settings=\"{&quot;_ha_eqh_enable&quot;:false}\">\n\t\t\t\t\t\t<div class=\"elementor-container elementor-column-gap-default\">\n\t\t\t\t\t<div class=\"has_eae_slider elementor-column elementor-col-100 elementor-top-column elementor-element elementor-element-3120358\" data-eae-slider=\"91864\" data-id=\"3120358\" data-element_type=\"column\" data-e-type=\"column\">\n\t\t\t<div class=\"elementor-widget-wrap elementor-element-populated\">\n\t\t\t\t\t\t<div class=\"elementor-element elementor-element-d214243 elementor-widget elementor-widget-text-editor\" data-id=\"d214243\" data-element_type=\"widget\" data-e-type=\"widget\" data-widget_type=\"text-editor.default\">\n\t\t\t\t<div class=\"elementor-widget-container\">\n\t\t\t\t\t\t\t\t\t<p>Einer unserer Schwerpunkte umfasst die Behandlung von R\u00fcckenleiden. Die Schilderung der Beschwerden und die neurologische Untersuchung der Patienten gibt uns hierbei neben den Bildern (CT oder MRT) wertvolle Hinweise auf deren Ursache. Im Folgenden erl\u00e4utern wir einige h\u00e4ufige Krankheitsbilder, Diagnosen und Therapieoptionen. Zu den Behandlungen siehe auch Kapitel \u201e<a href=\"http:\/\/neurochirurgie-kleve.de\/nck\/behandlungsablaeufe\/\">Behandlungsabl\u00e4ufe<\/a>\u201c.<\/p>\t\t\t\t\t\t\t\t<\/div>\n\t\t\t\t<\/div>\n\t\t\t\t\t<\/div>\n\t\t<\/div>\n\t\t\t\t\t<\/div>\n\t\t<\/section>\n\t\t\t\t<section class=\"has_eae_slider elementor-section elementor-top-section elementor-element elementor-element-3655da6 elementor-section-boxed elementor-section-height-default elementor-section-height-default\" data-eae-slider=\"79748\" data-id=\"3655da6\" data-element_type=\"section\" data-e-type=\"section\" data-settings=\"{&quot;_ha_eqh_enable&quot;:false}\">\n\t\t\t\t\t\t<div class=\"elementor-container elementor-column-gap-default\">\n\t\t\t\t\t<div class=\"has_eae_slider elementor-column elementor-col-100 elementor-top-column elementor-element elementor-element-0f9c719\" data-eae-slider=\"42250\" data-id=\"0f9c719\" data-element_type=\"column\" data-e-type=\"column\">\n\t\t\t<div class=\"elementor-widget-wrap elementor-element-populated\">\n\t\t\t\t\t\t<div class=\"elementor-element elementor-element-c0aa6b6 elementor-widget elementor-widget-accordion\" data-id=\"c0aa6b6\" data-element_type=\"widget\" data-e-type=\"widget\" data-widget_type=\"accordion.default\">\n\t\t\t\t<div class=\"elementor-widget-container\">\n\t\t\t\t\t\t\t<div class=\"elementor-accordion\">\n\t\t\t\t\t\t\t<div class=\"elementor-accordion-item\">\n\t\t\t\t\t<div id=\"elementor-tab-title-2021\" class=\"elementor-tab-title\" data-tab=\"1\" role=\"button\" aria-controls=\"elementor-tab-content-2021\" aria-expanded=\"false\">\n\t\t\t\t\t\t\t\t\t\t\t\t\t<span class=\"elementor-accordion-icon elementor-accordion-icon-left\" aria-hidden=\"true\">\n\t\t\t\t\t\t\t\t\t\t\t\t\t\t\t<span class=\"elementor-accordion-icon-closed\"><i class=\"fas fa-plus\"><\/i><\/span>\n\t\t\t\t\t\t\t\t<span class=\"elementor-accordion-icon-opened\"><i class=\"fas fa-minus\"><\/i><\/span>\n\t\t\t\t\t\t\t\t\t\t\t\t\t\t<\/span>\n\t\t\t\t\t\t\t\t\t\t\t\t<a class=\"elementor-accordion-title\" tabindex=\"0\">Der Wirbels\u00e4ulenschmerz - \u00dcbersicht<\/a>\n\t\t\t\t\t<\/div>\n\t\t\t\t\t<div id=\"elementor-tab-content-2021\" class=\"elementor-tab-content elementor-clearfix\" data-tab=\"1\" role=\"region\" aria-labelledby=\"elementor-tab-title-2021\"><p>Schmerzen k\u00f6nnen an unterschiedlichen Stellen an der Wirbels\u00e4ule entstehen. In vielen F\u00e4llen k\u00f6nnen wir zwei gro\u00dfe Ursachen-Kategorien unterscheiden:<\/p><p>1. Die Gelenke der Wirbels\u00e4ule &#8211; Facettengelenke <img fetchpriority=\"high\" decoding=\"async\" class=\"size-medium wp-image-150 alignright\" src=\"http:\/\/neurochirurgie-kleve.de\/nck\/wp-content\/uploads\/2021\/02\/Normalbefund-300x240.jpg\" alt=\"\" width=\"300\" height=\"240\" srcset=\"https:\/\/neurochirurgie-kleve.de\/nck\/wp-content\/uploads\/2021\/02\/Normalbefund-300x240.jpg 300w, https:\/\/neurochirurgie-kleve.de\/nck\/wp-content\/uploads\/2021\/02\/Normalbefund-1024x818.jpg 1024w, https:\/\/neurochirurgie-kleve.de\/nck\/wp-content\/uploads\/2021\/02\/Normalbefund-768x614.jpg 768w, https:\/\/neurochirurgie-kleve.de\/nck\/wp-content\/uploads\/2021\/02\/Normalbefund.jpg 1443w\" sizes=\"(max-width: 300px) 100vw, 300px\" \/>oder das Ilio-Sakral-Gelenk (ISG)<br \/>2. Die Nerven \/ Nervenwurzeln im Nervenkanal &#8211; die radikul\u00e4re Ursache<\/p><p>Aufgrund der Beschwerden und Symptome lassen sich diese oft gut unterscheiden, aber an der Lenden- \/ Brustwirbels\u00e4ule k\u00f6nnen sich beide Ursachen \u00fcberlappen und \u00e4hnliche Beschwerden hervorrufen, was die pr\u00e4zise Diagnose erschweren kann. Hinzu kommt noch das H\u00fcftgelenk, welches nicht selten als Ursache f\u00fcr \u00e4hnliche Schmerzausstrahlung mit in Betracht gezogen werden muss.<\/p><p>Hier eine tabellarische Zusammenfassung zur Verdeutlichung der Unterschiede bezogen auf die Lendenwirbels\u00e4ule:<\/p><p><img decoding=\"async\" class=\"aligncenter wp-image-171 size-full\" src=\"http:\/\/neurochirurgie-kleve.de\/nck\/wp-content\/uploads\/2021\/02\/tabelle.png\" alt=\"\" width=\"648\" height=\"609\" srcset=\"https:\/\/neurochirurgie-kleve.de\/nck\/wp-content\/uploads\/2021\/02\/tabelle.png 648w, https:\/\/neurochirurgie-kleve.de\/nck\/wp-content\/uploads\/2021\/02\/tabelle-300x282.png 300w\" sizes=\"(max-width: 648px) 100vw, 648px\" \/><\/p><\/div>\n\t\t\t\t<\/div>\n\t\t\t\t\t\t\t<div class=\"elementor-accordion-item\">\n\t\t\t\t\t<div id=\"elementor-tab-title-2022\" class=\"elementor-tab-title\" data-tab=\"2\" role=\"button\" aria-controls=\"elementor-tab-content-2022\" aria-expanded=\"false\">\n\t\t\t\t\t\t\t\t\t\t\t\t\t<span class=\"elementor-accordion-icon elementor-accordion-icon-left\" aria-hidden=\"true\">\n\t\t\t\t\t\t\t\t\t\t\t\t\t\t\t<span class=\"elementor-accordion-icon-closed\"><i class=\"fas fa-plus\"><\/i><\/span>\n\t\t\t\t\t\t\t\t<span class=\"elementor-accordion-icon-opened\"><i class=\"fas fa-minus\"><\/i><\/span>\n\t\t\t\t\t\t\t\t\t\t\t\t\t\t<\/span>\n\t\t\t\t\t\t\t\t\t\t\t\t<a class=\"elementor-accordion-title\" tabindex=\"0\">Der Bandscheibenvorfall<\/a>\n\t\t\t\t\t<\/div>\n\t\t\t\t\t<div id=\"elementor-tab-content-2022\" class=\"elementor-tab-content elementor-clearfix\" data-tab=\"2\" role=\"region\" aria-labelledby=\"elementor-tab-title-2022\"><p><img decoding=\"async\" class=\"size-medium wp-image-151 alignright\" src=\"http:\/\/neurochirurgie-kleve.de\/nck\/wp-content\/uploads\/2021\/02\/BSV-300x223.jpg\" alt=\"\" width=\"300\" height=\"223\" srcset=\"https:\/\/neurochirurgie-kleve.de\/nck\/wp-content\/uploads\/2021\/02\/BSV-300x223.jpg 300w, https:\/\/neurochirurgie-kleve.de\/nck\/wp-content\/uploads\/2021\/02\/BSV-1024x761.jpg 1024w, https:\/\/neurochirurgie-kleve.de\/nck\/wp-content\/uploads\/2021\/02\/BSV-768x571.jpg 768w, https:\/\/neurochirurgie-kleve.de\/nck\/wp-content\/uploads\/2021\/02\/BSV-1536x1141.jpg 1536w, https:\/\/neurochirurgie-kleve.de\/nck\/wp-content\/uploads\/2021\/02\/BSV.jpg 1552w\" sizes=\"(max-width: 300px) 100vw, 300px\" \/>Zahlreiche Faktoren (z.B. wenig abwechslungsreiche Bewegung, schwere k\u00f6rperliche Belastung, \u00dcbergewicht etc.) k\u00f6nnen einen Verschlei\u00df der nat\u00fcrlichen Puffer zwischen den Wirbelk\u00f6rpern, den Bandscheiben beg\u00fcnstigen. Das Ger\u00fcst der Bandscheibe, der Faserring, wird schwach und kann letztendlich einrei\u00dfen. Es kann dann zu einer Vorw\u00f6lbung der Bandscheibe \u2013 einer so genannten \u201cBandscheibenprotrusion\u201d- kommen. Bricht der weiche Kern, der \u201cNucleus pulposus\u201d, durch den Faserring, resultiert daraus ein Bandscheibenvorfall, oder \u201cProlaps\u201d.<\/p><p>Dieser kann in den Spinalkanal dr\u00fccken und dort einen oder mehrere Nerven besch\u00e4digen. Die Nerven werden gereizt und verursachen typischerweise Schmerzen in Beinen \/ F\u00fc\u00dfen (bei einem Bandscheibenvorfall im Bereich der Lendenwirbels\u00e4ule) oder Armen \/ H\u00e4nden (bei einem Bandscheibenvorfall im Bereich der Halswirbels\u00e4ule) auf einer Seite, einhergehend mit Taubheitsgef\u00fchlen oder Missempfindungen. Unter Belastung kommt es zu einer Verst\u00e4rkung der Symptome. Im akuten Fall kann Schonung, Hochlegen der Beine und eine ad\u00e4quate Schmertherapie f\u00fcr einige Tage hilfreich sein. Der Vorfall kann durch Wasserverlust schrumpfen und den Nerven wieder \u201efreigeben\u201c. Daran sollte sich eine physiotherapeutische Behandlung zur Kr\u00e4ftigung der R\u00fcckenmuskulatur anschlie\u00dfen, um weiteren Sch\u00e4den an der Bandscheibe vorzubeugen. <br \/>Sollten sich das Beschwerdebild nach 4-6 Wochen konservativer Therapie nicht verbessern oder sogar verschlimmern und die Patienten im Alltags- und Berufsleben weiterhin sehr eingeschr\u00e4nkt sein, besteht die Indikation f\u00fcr eine mikrochirurgische Entfernung des Bandscheibenvorfalles. Eine Operation kann auch schon fr\u00fcher notwendig werden, und zwar wenn sich eine Schw\u00e4che in der Muskulatur (Parese oder L\u00e4hmung) bemerkbar macht. Am h\u00e4ufigsten sind dies Schwierigkeiten, den Fu\u00df z.B. nach oben oder unten zu bewegen. Der Hacken- \/ Zehenstand ist dann nicht mehr m\u00f6glich. Dieser Kraftverlust ist Ausdruck einer Nervensch\u00e4digung. Um ein bleibendes Defizit zu verhindern, ist eine rasche Operation in vielen F\u00e4llen unumg\u00e4nglich. Sehr gro\u00dfe Bandscheibenvorf\u00e4lle k\u00f6nnen auch die Nerven sch\u00e4digen, die f\u00fcr die Schlie\u00dfmuskulatur von Blase und Darm zust\u00e4ndig sind. Bei Auftreten von Blasenentleerungsst\u00f6rungen sollte nach einer unmittelbaren Abkl\u00e4rung mittels Bildgebung die sofortige Operation erfolgen, da sonst eine Inkontinenz dauerhaft bestehen bleiben kann.<\/p><p>Behandlungsm\u00f6glichkeiten<br \/>1.Physiotherapie und Core-Training. <br \/>2.Mikrochirurgische Operation.<\/p><\/div>\n\t\t\t\t<\/div>\n\t\t\t\t\t\t\t<div class=\"elementor-accordion-item\">\n\t\t\t\t\t<div id=\"elementor-tab-title-2023\" class=\"elementor-tab-title\" data-tab=\"3\" role=\"button\" aria-controls=\"elementor-tab-content-2023\" aria-expanded=\"false\">\n\t\t\t\t\t\t\t\t\t\t\t\t\t<span class=\"elementor-accordion-icon elementor-accordion-icon-left\" aria-hidden=\"true\">\n\t\t\t\t\t\t\t\t\t\t\t\t\t\t\t<span class=\"elementor-accordion-icon-closed\"><i class=\"fas fa-plus\"><\/i><\/span>\n\t\t\t\t\t\t\t\t<span class=\"elementor-accordion-icon-opened\"><i class=\"fas fa-minus\"><\/i><\/span>\n\t\t\t\t\t\t\t\t\t\t\t\t\t\t<\/span>\n\t\t\t\t\t\t\t\t\t\t\t\t<a class=\"elementor-accordion-title\" tabindex=\"0\">Die Einengung des Wirbelkanals (Spinalkanalstenose)<\/a>\n\t\t\t\t\t<\/div>\n\t\t\t\t\t<div id=\"elementor-tab-content-2023\" class=\"elementor-tab-content elementor-clearfix\" data-tab=\"3\" role=\"region\" aria-labelledby=\"elementor-tab-title-2023\"><p><img loading=\"lazy\" decoding=\"async\" class=\"size-medium wp-image-152 alignright\" src=\"http:\/\/neurochirurgie-kleve.de\/nck\/wp-content\/uploads\/2021\/02\/Stenose-300x240.jpg\" alt=\"\" width=\"300\" height=\"240\" srcset=\"https:\/\/neurochirurgie-kleve.de\/nck\/wp-content\/uploads\/2021\/02\/Stenose-300x240.jpg 300w, https:\/\/neurochirurgie-kleve.de\/nck\/wp-content\/uploads\/2021\/02\/Stenose-1024x818.jpg 1024w, https:\/\/neurochirurgie-kleve.de\/nck\/wp-content\/uploads\/2021\/02\/Stenose-768x614.jpg 768w, https:\/\/neurochirurgie-kleve.de\/nck\/wp-content\/uploads\/2021\/02\/Stenose.jpg 1443w\" sizes=\"(max-width: 300px) 100vw, 300px\" \/>Bei Degeneration der Bandscheiben verlieren diese an H\u00f6he und w\u00f6lben sich in den Spinalkanal (Bandscheibenprotrusion), den sie dann von vorne her einengen. Durch den H\u00f6henverlust der Bandscheibe w\u00f6lbt sich das Band, welches den Spinalkanal hinten begrenzt (das Ligamentum flavum) ebenfalls in den Spinalkanal. Zus\u00e4tzlich kommt es zu einer fortschreitenden Arthrose der Facettengelenke, und der K\u00f6rper reagiert mit einer Vermehrung der Knochensubstanz an diesen Gelenken. Die Gelenke nehmen an Gr\u00f6\u00dfe zu. Diese Prozesse engen den Spinalkanal zunehmend ein und die Nerven haben immer weniger Platz. Als Folge kommen zu den R\u00fcckenschmerzen nun Schmerzen oder Missempfindungen in den Beinen oder Armen hinzu. Diese verst\u00e4rken sich \u00fcber die Jahre; Beweglichkeit und Mobilit\u00e4t der Patienten werden immer weiter eingeschr\u00e4nkt.<\/p><p>Typischerweise beklagen Patienten, die unter einer Spinalkanalstenose leiden, dass das Laufen immer beschwerlicher wird. Die Beine schmerzen, f\u00fchlen sich eingeschlafen oder taub an, werden schwer und erm\u00fcden rasch. Das f\u00fchrt dazu, dass die Gehstrecke immer k\u00fcrzer wird, immer h\u00e4ufiger m\u00fcssen die Patienten pausieren, sich hinsetzen oder vorn\u00fcberbeugen. Da der Spinalkanal in gebeugter K\u00f6rperhaltung weniger eingeengt wird, f\u00fchrt beispielsweise auch Radfahren oder das Aufst\u00fctzen auf einen Einkaufswagen zu einer Linderung der Beschwerden.<\/p><p>Bei dieser vorwiegend kn\u00f6chernen Enge nehmen die Symptome h\u00e4ufig langsam stetig zu, und die Gehstrecke wird immer k\u00fcrzer. Bei einigen Patienten stagniert die Symptomatik mittelfristig unter einer konservativen Therapie. Bei fortschreitender Verschlechterung ist eine mikrochirurgische Operation eine sinnvolle Behandlungsm\u00f6glichkeit. Mehrere aktuelle Studien konnten nachweisen, dass eine Operation zu einer schnelleren und signifikant besseren Beschwerdelinderung als die konservative Behandlung f\u00fchrt.<\/p><p>Behandlungsm\u00f6glichkeiten<br \/>1.Physiotherapie und Core-Training. <br \/>2.Mikrochirurgische Operation.<\/p><\/div>\n\t\t\t\t<\/div>\n\t\t\t\t\t\t\t<div class=\"elementor-accordion-item\">\n\t\t\t\t\t<div id=\"elementor-tab-title-2024\" class=\"elementor-tab-title\" data-tab=\"4\" role=\"button\" aria-controls=\"elementor-tab-content-2024\" aria-expanded=\"false\">\n\t\t\t\t\t\t\t\t\t\t\t\t\t<span class=\"elementor-accordion-icon elementor-accordion-icon-left\" aria-hidden=\"true\">\n\t\t\t\t\t\t\t\t\t\t\t\t\t\t\t<span class=\"elementor-accordion-icon-closed\"><i class=\"fas fa-plus\"><\/i><\/span>\n\t\t\t\t\t\t\t\t<span class=\"elementor-accordion-icon-opened\"><i class=\"fas fa-minus\"><\/i><\/span>\n\t\t\t\t\t\t\t\t\t\t\t\t\t\t<\/span>\n\t\t\t\t\t\t\t\t\t\t\t\t<a class=\"elementor-accordion-title\" tabindex=\"0\">Das Facettengelenk-Syndrom<\/a>\n\t\t\t\t\t<\/div>\n\t\t\t\t\t<div id=\"elementor-tab-content-2024\" class=\"elementor-tab-content elementor-clearfix\" data-tab=\"4\" role=\"region\" aria-labelledby=\"elementor-tab-title-2024\"><p>H\u00e4ufig werden starke R\u00fcckenschmerzen durch Erkrankung bzw. Abnutzung der kleinen Wirbelgelenke (Facettengelenke) verursacht. Das Facettensyndrom geh\u00f6rt zu den degenerativen (verschlei\u00dfbedingten) Erkrankungen der Wirbels\u00e4ule. Urs\u00e4chlich ist zun\u00e4chst ein Verschlei\u00df der Bandscheiben, diese verlieren an H\u00f6he und damit an Pufferfunktion. Dadurch werden die Facettengelenke ineinander gedr\u00fcckt und mehr belastet. Dies f\u00fchrt zu einer Abnutzung der Gelenke, der so genannten Spondylarthrose. \u00c4hnlich wie bei Arthrosen an anderen Gelenken kommt es zu Ver\u00e4nderungen an der Gelenkschleimhaut und der Gelenkkapsel. Die Facettengelenke sind mit Nervenfasern versorgt, \u00fcber die der schmerzhafte Reiz vermittelt wird. Entz\u00fcndliche Vorg\u00e4nge, wie sie bei jeder Arthrose auftreten, l\u00f6sen diesen Schmerzreiz aus. Diese Probleme k\u00f6nnen sowohl die Hals-, Brust- als auch Lendenwirbels\u00e4ule betreffen.<\/p><p><img loading=\"lazy\" decoding=\"async\" class=\"size-medium wp-image-156 aligncenter\" src=\"http:\/\/neurochirurgie-kleve.de\/nck\/wp-content\/uploads\/2021\/02\/Facettensyndrom-300x120.jpg\" alt=\"\" width=\"300\" height=\"120\" srcset=\"https:\/\/neurochirurgie-kleve.de\/nck\/wp-content\/uploads\/2021\/02\/Facettensyndrom-300x120.jpg 300w, https:\/\/neurochirurgie-kleve.de\/nck\/wp-content\/uploads\/2021\/02\/Facettensyndrom-1024x409.jpg 1024w, https:\/\/neurochirurgie-kleve.de\/nck\/wp-content\/uploads\/2021\/02\/Facettensyndrom-768x307.jpg 768w, https:\/\/neurochirurgie-kleve.de\/nck\/wp-content\/uploads\/2021\/02\/Facettensyndrom.jpg 1457w\" sizes=\"(max-width: 300px) 100vw, 300px\" \/><\/p><p>Nachdem Ausschluss anderer Schmerzursachen durch eine klinisch-neurologische Untersuchung und Bildgebung kann in solchen F\u00e4llen eine gezielte Schmerztherapie der Facettengelenke hilfreich sein, da die Schmerzen oft eine Kr\u00e4ftigung der Muskulatur verhindern. Und je schw\u00e4cher desto die Muskulatur wird, desto mehr werden die Facettengelenke belastet. <br \/>Typischerweise beklagen Patienten, die unter einem Facettengelenksyndrom leiden, Schmerzen im R\u00fccken, die auch in die Oberschenkel oder die Oberarme ausstrahlen k\u00f6nnen. Diese sind nach l\u00e4ngerem Stehen und Sitzen und nachts oder morgens beim Aufstehen besonderes qu\u00e4lend. Charakteristisch ist, dass sie nach einiger Bewegung deutlich besser werden, fast alle Patienten beschreiben diesen typischen \u201eAnlaufschmerz\u201c.<\/p><p>Behandlungsm\u00f6glichkeiten<br \/>1.Physiotherapie und Core-Training. <br \/>2.R\u00f6ntgengef\u00fchrte Testinjektionen. <br \/>3.Radiofrequenztherapie (Denervierung \/ Ver\u00f6dung).<\/p><p><a href=\"http:\/\/neurochirurgie-kleve.de\/nck\/wp-content\/uploads\/2021\/02\/flyer_facettensyndrom.pdf\" target=\"_blank\" rel=\"noopener\">Wir haben auch eine Informationsbrosch\u00fcre f\u00fcr Sie zum Download<\/a>.<\/p><\/div>\n\t\t\t\t<\/div>\n\t\t\t\t\t\t\t<div class=\"elementor-accordion-item\">\n\t\t\t\t\t<div id=\"elementor-tab-title-2025\" class=\"elementor-tab-title\" data-tab=\"5\" role=\"button\" aria-controls=\"elementor-tab-content-2025\" aria-expanded=\"false\">\n\t\t\t\t\t\t\t\t\t\t\t\t\t<span class=\"elementor-accordion-icon elementor-accordion-icon-left\" aria-hidden=\"true\">\n\t\t\t\t\t\t\t\t\t\t\t\t\t\t\t<span class=\"elementor-accordion-icon-closed\"><i class=\"fas fa-plus\"><\/i><\/span>\n\t\t\t\t\t\t\t\t<span class=\"elementor-accordion-icon-opened\"><i class=\"fas fa-minus\"><\/i><\/span>\n\t\t\t\t\t\t\t\t\t\t\t\t\t\t<\/span>\n\t\t\t\t\t\t\t\t\t\t\t\t<a class=\"elementor-accordion-title\" tabindex=\"0\">Das ISG-Syndrom<\/a>\n\t\t\t\t\t<\/div>\n\t\t\t\t\t<div id=\"elementor-tab-content-2025\" class=\"elementor-tab-content elementor-clearfix\" data-tab=\"5\" role=\"region\" aria-labelledby=\"elementor-tab-title-2025\">Mit am h\u00e4ufigsten gehen R\u00fcckenbeschwerden vom Ilio-Sakral-Gelenk (= ISG = Kreuz-Darmbein-Gelenk) aus. Schmerzhafte St\u00f6rungen im Kreuzdarmbeingelenk bezeichnen wir als ISG-Syndrom. Aufgrund der Besonderheit dieses Gelenkes, der hartn\u00e4ckigen Beschwerden und der neuartigen Behandlungsmethode DIANA\u00ae finden Sie hier besonders ausf\u00fchrliche Informationen.\n<h3 class=\"diana\">Das Gelenk<\/h3>\n<img loading=\"lazy\" decoding=\"async\" class=\"size-medium wp-image-157 alignright\" src=\"http:\/\/neurochirurgie-kleve.de\/nck\/wp-content\/uploads\/2021\/02\/ISG-01-300x151.jpg\" alt=\"\" width=\"300\" height=\"151\" srcset=\"https:\/\/neurochirurgie-kleve.de\/nck\/wp-content\/uploads\/2021\/02\/ISG-01-300x151.jpg 300w, https:\/\/neurochirurgie-kleve.de\/nck\/wp-content\/uploads\/2021\/02\/ISG-01-1024x514.jpg 1024w, https:\/\/neurochirurgie-kleve.de\/nck\/wp-content\/uploads\/2021\/02\/ISG-01-768x386.jpg 768w, https:\/\/neurochirurgie-kleve.de\/nck\/wp-content\/uploads\/2021\/02\/ISG-01-1536x771.jpg 1536w, https:\/\/neurochirurgie-kleve.de\/nck\/wp-content\/uploads\/2021\/02\/ISG-01.jpg 1585w\" sizes=\"(max-width: 300px) 100vw, 300px\" \/>Die Ilio-Sakral-Gelenke sind tragende Gelenke zwischen H\u00fcfte bzw. Beckenschaufel und Wirbels\u00e4ule. Das ISG ist ein echtes Gelenk, das mit einer kn\u00f6chernen Gelenkfl\u00e4che, Gelenkknorpel und einem Bandapparat ausgestattet ist. Es unterliegt denselben Kr\u00e4ften und Zyklen wie andere tragende Gelenke, inklusive der Abnutzung \u00fcber die Jahre (Arthrose). Es f\u00fchrt zwar nur leichte, aber nachweisbare Translations- und Rotationsbewegungen aus (max. 3\u00b0), spielt aber trotz dieses geringen Bewegungsumfangs eine gewichtige Rolle bei fast jeder physischen Aktivit\u00e4t. Da es sich innerhalb der mechanischen K\u00f6rperachse befindet, \u00fcbertr\u00e4gt es alle Kr\u00e4fte zwischen den unteren Extremit\u00e4ten und dem Oberk\u00f6rper. Die Bewegungen im ISG koordinieren die Bewegungen der Wirbels\u00e4ule und \u00fcbernehmen hierbei die Kraftverteilung.\n<h3>Die Ursache der ISG-Schmerzen<\/h3>\nDas ISG ist bereits seit vielen Jahren als Verursacher starker Schmerzen mit erheblicher Beeintr\u00e4chtigung der Lebensqualit\u00e4t bekannt. Obwohl der exakte Schmerzmechanismus nicht letztendlich gekl\u00e4rt ist, ist der Schmerzcharakter vergleichbar mit Schmerzen an anderen Gelenken im K\u00f6rper, bei denen dann spezifische Therapien oder auch operative Eingriffe erforderlich werden k\u00f6nnen.\nDas Versagen der ISG-Funktion kann verschiedene Ursachen haben: altersbedingte Ver\u00e4nderung der Gelenkfl\u00e4chen (Degeneration, Arthrose), Fehlbelastungen z.B. wegen einer Arthrose der H\u00fcft- oder Kniegelenke oder nach einer Operation, Verletzung (z.B. nach einem Sturz), \u00dcberbeanspruchung (Leistungssport, Schwangerschaft\/Geburt).\nDurch Verschlei\u00df wird der Knorpel gesch\u00e4digt und die dann freiliegenden kn\u00f6chernen Gelenkfl\u00e4chen reiben ohne D\u00e4mpfung aneinander. Die Gelenkfl\u00e4chen des ISG sind in ihrer Oberfl\u00e4che sehr unregelm\u00e4\u00dfig, und auch kleinste Bewegungen wirken wie Raspeln. Es kommt langfristig zur \u00e4u\u00dferst schmerzhaften Arthrose wie bei anderen Gelenken auch.\n\n<img loading=\"lazy\" decoding=\"async\" class=\"size-medium wp-image-158 alignright\" src=\"http:\/\/neurochirurgie-kleve.de\/nck\/wp-content\/uploads\/2021\/02\/ISG-02-300x267.jpg\" alt=\"\" width=\"300\" height=\"267\" srcset=\"https:\/\/neurochirurgie-kleve.de\/nck\/wp-content\/uploads\/2021\/02\/ISG-02-300x267.jpg 300w, https:\/\/neurochirurgie-kleve.de\/nck\/wp-content\/uploads\/2021\/02\/ISG-02-768x684.jpg 768w, https:\/\/neurochirurgie-kleve.de\/nck\/wp-content\/uploads\/2021\/02\/ISG-02.jpg 823w\" sizes=\"(max-width: 300px) 100vw, 300px\" \/>Die Probleme beginnen, wenn es nach falscher Bewegung \/ Belastung &#8222;blockiert&#8220;, verbunden mit akuten und st\u00e4rksten Schmerzen, oft auch als \u201eIschias\u201c oder \u201eHexenschuss\u201c bezeichnet. Im Akutfall klingt dieser Gelenkschmerz h\u00e4ufig nach einigen Tagen oder Wochen wieder ab. Eine oft vermutete Nervensch\u00e4digung im eigentlichen Sinn liegt nicht vor, daher sind Sorgen \u00fcber eine dauerhafte Sch\u00e4digung unbegr\u00fcndet.\nAllerdings k\u00f6nnen sich diese Attacken im Laufe der Zeit h\u00e4ufen und als permanenter Schmerz bestehen bleiben. Solche chronischen ISG-Syndrome sind schwer zu behandeln beziehungsweise oft therapieresistent, insbesondere bei j\u00fcngeren oder \u00e4lteren Patienten. Im mittleren Alter bessern sich meist die Beschwerden.\n<h3>Wann tut es weh?<\/h3>\nWie auch f\u00fcr andere Gelenke sind &#8222;Ruhe&#8220;- und &#8222;Anlaufschmerzen&#8220; charakteristisch:\n<ul>\n \t<li>Vor allem bei oder nach l\u00e4ngerem Sitzen, lange Strecken im Auto sind sehr beschwerlich.<\/li>\n \t<li>Nachts beim Liegen und beim Drehen auf die Seite.<\/li>\n \t<li>Nach l\u00e4ngerem Stehen.<\/li>\n \t<li>Beim Aufrichten aus der Hocke oder beim B\u00fccken.<\/li>\n \t<li>Arbeiten in leicht gebeugter Haltung.<\/li>\n \t<li>Beim Abspreizen des Beines, z.B. beim Brustschwimmen.<\/li>\n \t<li>Beim Heben von schon geringen Lasten.<\/li>\n \t<li>Beim Treppensteigen.<\/li>\n \t<li>Der typische \u201eAnlaufschmerz\u201c z.B. morgens beim Aufstehen bessert sich nach dem Einlaufen, verschlechtert sich aber regelhaft bei Belastung und l\u00e4ngerem Laufen wieder.<\/li>\n<\/ul>\n<h3>Wo tut es weh?<\/h3>\nNachfolgend die h\u00e4ufigsten Schmerzlokalisationen:\n<ul>\n \t<li>Schmerzen im unteren R\u00fccken \/ Ges\u00e4\u00df \/ Stei\u00df.<\/li>\n \t<li>Ausstrahlung in die H\u00fcfte \/ Leiste oder den Genitalbereich.<\/li>\n \t<li>Ausstrahlung auch in die R\u00fcckseite des Beines, oft bis zur Wade, gelegentlich auch bis zur Ferse.<\/li>\n \t<li>Kribbeln \/ Einschlafgef\u00fchle im Bein, auch mal bis in den Fu\u00df oder die Zehen.<\/li>\n \t<li>Im akuten Fall auch Gef\u00fchl der \u201eBlockade\u201c \/ \u201eL\u00e4hmung&#8220; des gesamten Beines m\u00f6glich.<\/li>\n<\/ul>\n<img loading=\"lazy\" decoding=\"async\" class=\"size-medium wp-image-160 aligncenter\" src=\"http:\/\/neurochirurgie-kleve.de\/nck\/wp-content\/uploads\/2021\/02\/ISG-03-267x300.jpg\" alt=\"\" width=\"267\" height=\"300\" srcset=\"https:\/\/neurochirurgie-kleve.de\/nck\/wp-content\/uploads\/2021\/02\/ISG-03-267x300.jpg 267w, https:\/\/neurochirurgie-kleve.de\/nck\/wp-content\/uploads\/2021\/02\/ISG-03-768x864.jpg 768w, https:\/\/neurochirurgie-kleve.de\/nck\/wp-content\/uploads\/2021\/02\/ISG-03.jpg 801w\" sizes=\"(max-width: 267px) 100vw, 267px\" \/>\n<h3>Diagnostik<\/h3>\nMeist ergeben sich konkrete Hinweise auf die Diagnose allein schon aus der Anamnese und der typischen Beschreibung der Beschwerden.\n<ul>\n \t<li>Wegen der Schwierigkeit der genauen Diagnosestellung, m\u00fcssen vor allem andere Schmerzursachen ausgeschlossen werden. Hierzu geh\u00f6ren H\u00fcftgelenkschmerzen (z.B. Arthrose, Arthritis), mechanisch bedingte R\u00fcckenschmerzen (z.B. Facettengelenksyndrom) oder organische Ursachen (z.B. Aneurysma, Nierensteine). Gerade bei ausstrahlenden Schmerzen und Gef\u00fchlsst\u00f6rungen im Bein muss die klinische \/ neurologische Untersuchung objektivierbare Nervensch\u00e4den (wie z.B. beim Bandscheibenvorfall) ausschlie\u00dfen.<\/li>\n \t<li>In jedem Fall ist eine CT- \/ MRT-Schichtbildgebung der Lendenwirbels\u00e4ule erforderlich, um krankhafte Ver\u00e4nderungen im Nervenkanal auszuschlie\u00dfen.<\/li>\n \t<li>Ein spezielles CT des ISG \/ Becken-Bereiches kann die Diagnose erh\u00e4rten, wenn arthrose-typische Ver\u00e4nderungen am Gelenk vorliegen (siehe Abbildung).<\/li>\n \t<li>Testinjektion in das Gelenk.<\/li>\n<\/ul>\n<img loading=\"lazy\" decoding=\"async\" class=\"size-medium wp-image-161 aligncenter\" src=\"http:\/\/neurochirurgie-kleve.de\/nck\/wp-content\/uploads\/2021\/02\/ISG-04-300x89.jpg\" alt=\"\" width=\"300\" height=\"89\" srcset=\"https:\/\/neurochirurgie-kleve.de\/nck\/wp-content\/uploads\/2021\/02\/ISG-04-300x89.jpg 300w, https:\/\/neurochirurgie-kleve.de\/nck\/wp-content\/uploads\/2021\/02\/ISG-04-1024x302.jpg 1024w, https:\/\/neurochirurgie-kleve.de\/nck\/wp-content\/uploads\/2021\/02\/ISG-04-768x227.jpg 768w, https:\/\/neurochirurgie-kleve.de\/nck\/wp-content\/uploads\/2021\/02\/ISG-04-1536x453.jpg 1536w, https:\/\/neurochirurgie-kleve.de\/nck\/wp-content\/uploads\/2021\/02\/ISG-04.jpg 1575w\" sizes=\"(max-width: 300px) 100vw, 300px\" \/>\n\n<img loading=\"lazy\" decoding=\"async\" class=\"size-medium wp-image-162 aligncenter\" src=\"http:\/\/neurochirurgie-kleve.de\/nck\/wp-content\/uploads\/2021\/02\/ISG-05-194x300.jpg\" alt=\"\" width=\"194\" height=\"300\" srcset=\"https:\/\/neurochirurgie-kleve.de\/nck\/wp-content\/uploads\/2021\/02\/ISG-05-194x300.jpg 194w, https:\/\/neurochirurgie-kleve.de\/nck\/wp-content\/uploads\/2021\/02\/ISG-05-663x1024.jpg 663w, https:\/\/neurochirurgie-kleve.de\/nck\/wp-content\/uploads\/2021\/02\/ISG-05.jpg 717w\" sizes=\"(max-width: 194px) 100vw, 194px\" \/>\n<h3>Die konservative Behandlung<\/h3>\nDie Therapie des ISG-Syndroms ist in fast allen F\u00e4llen langwierig. Wie auch bei den anderen Gelenkschmerzen an der Wirbels\u00e4ule ist daher ein Konzept erforderlich, mit dem sich die Schmerzen dauerhaft verringern lassen.\n<ul>\n \t<li>Eine vor\u00fcbergehende (regelm\u00e4\u00dfige) Einnahme von Schmerzmitteln kann neben einer Schmerzlinderung auch die Verminderung der entz\u00fcndlichen Reizung \/ Schwellung in den Weichteilen, Gelenkschleimh\u00e4uten, etc. erzielen. Oft sind die Medikamente aber nicht ausreichend wirksam. Eine langfristige Einnahme kann &#8230;.zudem zus\u00e4tzliche Probleme nach sich ziehen.<\/li>\n \t<li>Basis der Therapie stellt die intensive und regelm\u00e4\u00dfige physiotherapeutische Trainingsbehandlung (Core-Training!) dar, zur Kr\u00e4ftigung der R\u00fcckenmuskulatur und Verbesserung der Becken- und Rumpfstabilit\u00e4t. Anf\u00e4nglich kann die Kombination mit manualtherapeutischen Verfahren zur L\u00f6sung von Blockaden des Gelenkes hilfreich sein.<\/li>\n \t<li>Parallel verabreichen wir in den meisten F\u00e4llen eine oder mehrere Testinjektionen mit einem lokalen Bet\u00e4ubungsmittel und Cortison in das Gelenk. Auch wenn die Wirkung an diesem gro\u00dfen Gelenk oft nicht lange anh\u00e4lt &#8211; ein unmittelbarer Wirkeintritt und eine deutliche Reduktion der Beschwerden best\u00e4rkt die Diagnose.<\/li>\n \t<li>In diesem Fall werden wir Ihnen die Denervierung (Radiofrequenzablation) des Gelenkes anbieten. Dieses schonende, kaum belastende und ambulante Verfahren unterbricht die schmerzleitenden Nervenfasern des Gelenkes.<\/li>\n<\/ul>\n<h3>Die operative Behandlung<\/h3>\nBei unbefriedigendem Erfolg, wiederkehrenden oder bleibenden Schmerzen und nach Ausreizung der konservativen Ma\u00dfnahmen kommt die operative Behandlung in Betracht. Es gibt Gr\u00fcnde, bei denen eine Operation nicht empfohlen werden kann (z.B. fortgeschrittene Osteoporose, Entz\u00fcndungen des Gelenkes oder rheumatische Erkrankungen), daher werden wir die Indikation mit Ihnen individuell besprechen und festlegen.\n<h3>Warum kann gerade dieses Verfahren helfen?<\/h3>\n<img loading=\"lazy\" decoding=\"async\" class=\"size-medium wp-image-163 alignright\" src=\"http:\/\/neurochirurgie-kleve.de\/nck\/wp-content\/uploads\/2021\/02\/ISG-06-300x266.jpg\" alt=\"\" width=\"300\" height=\"266\" srcset=\"https:\/\/neurochirurgie-kleve.de\/nck\/wp-content\/uploads\/2021\/02\/ISG-06-300x266.jpg 300w, https:\/\/neurochirurgie-kleve.de\/nck\/wp-content\/uploads\/2021\/02\/ISG-06-768x680.jpg 768w, https:\/\/neurochirurgie-kleve.de\/nck\/wp-content\/uploads\/2021\/02\/ISG-06.jpg 800w\" sizes=\"(max-width: 300px) 100vw, 300px\" \/>Die Probleme beginnen, wenn es nach falscher Bewegung \/ Belastung &#8222;blockiert&#8220;, verbunden mit akuten und st\u00e4rksten Schmerzen, oft auch als \u201eIschias\u201c oder \u201eHexenschuss\u201c bezeichnet. Im Akutfall klingt dieser Gelenkschmerz h\u00e4ufig nach einigen Tagen oder Wochen wieder ab. Eine oft vermutete Nervensch\u00e4digung im eigentlichen Sinn liegt nicht vor, daher sind Sorgen \u00fcber eine dauerhafte Sch\u00e4digung unbegr\u00fcndet.\nAllerdings k\u00f6nnen sich diese Attacken im Laufe der Zeit h\u00e4ufen und als permanenter Schmerz bestehen bleiben. Solche chronischen ISG-Syndrome sind schwer zu behandeln beziehungsweise oft therapieresistent, insbesondere bei j\u00fcngeren oder \u00e4lteren Patienten. Im mittleren Alter bessern sich meist die Beschwerden.\n\n<img loading=\"lazy\" decoding=\"async\" class=\"size-medium wp-image-164 aligncenter\" src=\"http:\/\/neurochirurgie-kleve.de\/nck\/wp-content\/uploads\/2021\/02\/ISG-07-263x300.jpg\" alt=\"\" width=\"263\" height=\"300\" srcset=\"https:\/\/neurochirurgie-kleve.de\/nck\/wp-content\/uploads\/2021\/02\/ISG-07-263x300.jpg 263w, https:\/\/neurochirurgie-kleve.de\/nck\/wp-content\/uploads\/2021\/02\/ISG-07.jpg 684w\" sizes=\"(max-width: 263px) 100vw, 263px\" \/>\n\nDetaillierte Informationen zu dieser Technik finden Sie auch unter\n<a href=\"https:\/\/signus.com\/produkte\/portfolio\/diana-sakroiliakale-fusion.html\" target=\"_blank\" rel=\"noopener\">www.si-joint.com<\/a>\n<h3>Hinweise zum Ablauf<\/h3>\n<ul>\n \t<li>Die Operation erfolgt in Vollnarkose und dauert etwa 90 Minuten.<\/li>\n \t<li>In der Regel k\u00f6nnen Sie am n\u00e4chsten Morgen wieder aufstehen. Wenn nicht schon vor der OP erfolgt, werden Ihnen am Tag nach der OP von der Physiotherapie Tipps und Tricks f\u00fcr korrekte Bewegungsabl\u00e4ufe mit den Gehhilfen beigebracht.<\/li>\n \t<li>In den ersten Tagen sind Wundschmerzen im Ges\u00e4\u00df h\u00e4ufig, bitte erfragen Sie sich beim Pflegepersonal Schmerzmittel nach Bedarf.<\/li>\n \t<li>Zum Duschen fragen Sie bitte nach einem wasserdichten Duschpflaster. Wichtig: Dies muss nach jedem Duschvorgang wieder entfernt und gegen ein normales Pflaster ausgetauscht werden.<\/li>\n \t<li>Der Aufenthalt dauert bei komplikationslosem Verlauf 5 Tage.<\/li>\n<\/ul>\n<img loading=\"lazy\" decoding=\"async\" class=\"size-medium wp-image-165 aligncenter\" src=\"http:\/\/neurochirurgie-kleve.de\/nck\/wp-content\/uploads\/2021\/02\/ISG-08-300x224.jpg\" alt=\"\" width=\"300\" height=\"224\" srcset=\"https:\/\/neurochirurgie-kleve.de\/nck\/wp-content\/uploads\/2021\/02\/ISG-08-300x224.jpg 300w, https:\/\/neurochirurgie-kleve.de\/nck\/wp-content\/uploads\/2021\/02\/ISG-08-1024x765.jpg 1024w, https:\/\/neurochirurgie-kleve.de\/nck\/wp-content\/uploads\/2021\/02\/ISG-08-768x574.jpg 768w, https:\/\/neurochirurgie-kleve.de\/nck\/wp-content\/uploads\/2021\/02\/ISG-08-1536x1147.jpg 1536w, https:\/\/neurochirurgie-kleve.de\/nck\/wp-content\/uploads\/2021\/02\/ISG-08.jpg 1585w\" sizes=\"(max-width: 300px) 100vw, 300px\" \/>\n<h3>Erfolge<\/h3>\n<ul>\n \t<li>Ziel der Operation ist eine Verminderung der Schmerzen, damit Beweglichkeit und Belastbarkeit im Alltag ansteigen und vor allem die Trainingsbehandlung zur Muskelkr\u00e4ftigung wieder effektiver m\u00f6glich wird. Die Verlaufsbeobachtung der bisher mit diesem Verfahren operierten Patienten zeigt eine deutliche Verbesserung der Lebensqualit\u00e4t und Abnahme der Schmerzen. Dies ist bei etwa 70% der Patienten m\u00f6glich, oft liegt der dauerhafte Erfolg sogar noch h\u00f6her. Eine 100%ige Schmerzfreiheit kann aber nicht garantiert werden.<\/li>\n \t<li>Das Besondere an diesem gewebe- und muskelschonenden Verfahren ist, dass eine Verschlechterung der Beschwerden bislang nicht beobachtet wurde, selbst wenn in Einzelf\u00e4llen der gew\u00fcnschte Erfolg nicht erzielt werden konnte. Es kann zu Fehllagen des Implantates kommen. Sofern diese zur Folge hat, dass die Operation nicht hilft, kann das Implantat \u00fcber denselben Zugang wieder entfernt, ggf. korrigiert werden.<\/li>\n \t<li>Das Verfahren ist nicht vergleichbar mit anderen Operationen, zum Beispiel &#8222;Versteifungen&#8220; an der Wirbels\u00e4ule, Nachteile oder neue Beschwerden an Nachbarsegmenten oder Nachbargelenken sind bislang nicht bekannt.<\/li>\n<\/ul>\n<img loading=\"lazy\" decoding=\"async\" class=\"alignnone size-medium wp-image-169\" src=\"http:\/\/neurochirurgie-kleve.de\/nck\/wp-content\/uploads\/2021\/02\/ISG-09-300x142.jpg\" alt=\"\" width=\"300\" height=\"142\" srcset=\"https:\/\/neurochirurgie-kleve.de\/nck\/wp-content\/uploads\/2021\/02\/ISG-09-300x142.jpg 300w, https:\/\/neurochirurgie-kleve.de\/nck\/wp-content\/uploads\/2021\/02\/ISG-09-1024x484.jpg 1024w, https:\/\/neurochirurgie-kleve.de\/nck\/wp-content\/uploads\/2021\/02\/ISG-09-768x363.jpg 768w, https:\/\/neurochirurgie-kleve.de\/nck\/wp-content\/uploads\/2021\/02\/ISG-09.jpg 1036w\" sizes=\"(max-width: 300px) 100vw, 300px\" \/>\n<h3>Nachbehandlung<\/h3>\n<ul>\n \t<li>Vermeiden Sie bitte Wasserkontakt mit der Wunde in den ersten 10 Tagen.<\/li>\n \t<li>Vor Entlassung h\u00e4ndigen wir Ihnen den Implantat-Ausweis aus. Diesen sollten Sie immer mit sich f\u00fchren.<\/li>\n<\/ul>\nUm ein gutes Einheilen des Implantates und eine kn\u00f6cherne Durchbauung des Gelenkspaltes zu erreichen bitte folgende Punkte UNBEDINGT beachten:\n<ul>\n \t<li>Mobilisation mit Unterarmgehst\u00fctzen f\u00fcr 6 &#8211; 8 Wochen, Teilbelastung des Beines auf der operierten Seite mit maximal 30% des K\u00f6rpergewichtes. Es ist wichtig, dass Sie Ihre Gehhilfen auch wirklich korrekt anwenden !<\/li>\n \t<li>Keine &#8222;normalen&#8220; Schmerzmittel (NSAR) in den ersten 4 Monaten, wie zum Beispiel ASS \/ Aspirin, Diclofenac (Voltaren), Ibuprofen (Ibuhexal), Indometacin, Piroxicam, Novaminsulfon (Novalgin) ist problemlos m\u00f6glich.<\/li>\n \t<li>Einnahme eines Vitamin-D Pr\u00e4parates zur Unterst\u00fctzung der kn\u00f6chernen Einheilung<\/li>\n \t<li>Woche 1 bis 6: Dekristol 20.000 IE, 1x pro Woche<\/li>\n \t<li>Woche 6 bis zu 4 Monaten: Dekristol 20.000 IE, 1x alle 2 Wochen<\/li>\n \t<li>Unproblematisch sind Laufen und Spazieren gehen, auch Sitzen, Autofahren, B\u00fccken sind erlaubt. Aber Rotations- und Scherbewegungen sowie die Abspreizung des Beines m\u00fcssen in den ersten 6 Monaten vermieden werden. Hierzu z\u00e4hlen unter anderem Reiten oder Brustschwimmen und auch gyn\u00e4kologische Untersuchungen im Gyn-Stuhl. Sie sollten auf Sportarten mit potentieller Sturzgefahr verzichten ( Fahrradfahren, Skifahren).\n\u25cf Hometrainer ist nach 3 Monaten wieder m\u00f6glich.<\/li>\n<\/ul>\n<h3>Ambulante Nachkontrollen<\/h3>\n<ul>\n \t<li>Routinem\u00e4\u00dfig empfehlen wir unseren Patienten keine (station\u00e4re) Rehabilitationsbehandlung.<\/li>\n \t<li>In der Regel stellen Sie sich 4-5 Tage nach Entlassung noch einmal kurz in unserer Praxis zur Wundkontrolle vor (bitte tel. anmelden). Wir stellen dann die erste Physiotherapie-Verordnung aus, bei Bedarf Medikamentenrezept, AU-Verl\u00e4ngerung etc.<\/li>\n \t<li>Nach 6 Wochen erfolgt eine erneute Kontrolle sowie Anfertigung einer Bildgebung zur Kontrolle der Implantatlage.<\/li>\n \t<li>Nach 6 Monaten erfolgt die abschlie\u00dfende Anfertigung von Schichtbildern (CT) zur Beurteilung der kn\u00f6chernen Durchbauung des Gelenkes.<\/li>\n \t<li>Bei Auff\u00e4lligkeiten, Problemen oder Fragen k\u00f6nnen Sie sich selbstverst\u00e4ndlich jederzeit zwischendurch bei uns melden.<\/li>\n<\/ul>\n<h3>Physiotherapeutische Trainingsbehandlung<\/h3>\n<ul>\n \t<li>Beginn der Physiotherapie etwa 14 Tage nach Operation.<\/li>\n \t<li>Erlernen \/ Verbesserung des Laufens \/ der Haltung mit den Gehst\u00fctzen.<\/li>\n \t<li>Nach 6 Wochen rasches Abtrainieren der Gehhilfen.<\/li>\n \t<li>Im Verlauf isometrische Rumpfstabilisierung und leichtes Core-Training.<\/li>\n \t<li>K E I N E mobilisierenden Verfahren im Becken \/ ISG, keine Massage, Manualtherapie etc, keine Scherbelastungen auf das ISG.<\/li>\n<\/ul>\n<a href=\"http:\/\/neurochirurgie-kleve.de\/nck\/wp-content\/uploads\/2021\/02\/flyer_isg-syndrom.pdf\" target=\"_blank\" rel=\"noopener\">Wir haben auch eine Informationsbrosch\u00fcre f\u00fcr Sie zum Download.<\/a><\/div>\n\t\t\t\t<\/div>\n\t\t\t\t\t\t\t<div class=\"elementor-accordion-item\">\n\t\t\t\t\t<div id=\"elementor-tab-title-2026\" class=\"elementor-tab-title\" data-tab=\"6\" role=\"button\" aria-controls=\"elementor-tab-content-2026\" aria-expanded=\"false\">\n\t\t\t\t\t\t\t\t\t\t\t\t\t<span class=\"elementor-accordion-icon elementor-accordion-icon-left\" aria-hidden=\"true\">\n\t\t\t\t\t\t\t\t\t\t\t\t\t\t\t<span class=\"elementor-accordion-icon-closed\"><i class=\"fas fa-plus\"><\/i><\/span>\n\t\t\t\t\t\t\t\t<span class=\"elementor-accordion-icon-opened\"><i class=\"fas fa-minus\"><\/i><\/span>\n\t\t\t\t\t\t\t\t\t\t\t\t\t\t<\/span>\n\t\t\t\t\t\t\t\t\t\t\t\t<a class=\"elementor-accordion-title\" tabindex=\"0\">Die Interkostalneuralgie<\/a>\n\t\t\t\t\t<\/div>\n\t\t\t\t\t<div id=\"elementor-tab-content-2026\" class=\"elementor-tab-content elementor-clearfix\" data-tab=\"6\" role=\"region\" aria-labelledby=\"elementor-tab-title-2026\"><p>Neben Beschwerden durch &#8222;Blockaden&#8220;, Muskelverspannungen oder Abnutzung an den Facettengelenken der Brustwirbels\u00e4ule gibt es noch eine weniger h\u00e4ufige Schmerzursache. Nach Unf\u00e4llen, Operationen an der Lunge, nach Entz\u00fcndungen oder durch Vernarbungen k\u00f6nnen die Zwischenrippennerven gereizt werden. Dadurch entstehen qu\u00e4lende, attackenartige Nervenschmerzen, die entlang der Rippen oft bis nach vorne in die Brust ausstrahlen. Gelegentlich treten hier auch Gef\u00fchlsst\u00f6rungen \/ Taubheitsgef\u00fchle auf. Nat\u00fcrlich ist es sinnvoll, bei solchen Brustschmerzen \/ Thoraxschmerzen zun\u00e4chst das Herz zu untersuchen, da eine der h\u00e4ufigsten Ursachen von Brustschmerzen Vorboten eines Herzinfarktes sein k\u00f6nnen. <br \/>Im Verlauf kann eine r\u00f6ntgengef\u00fchrte Testinjektion an den Nerven die Diagnose best\u00e4tigen. Sollte die Manualtherapie \/ Physiotherapie dauerhaft nicht hilfreich sein, bieten wir die ambulante Denervierung (Ver\u00f6dung) des Interkostalnerven an.<\/p><p>Behandlungsm\u00f6glichkeiten<br \/>1. Manualtherapie \/ Physiotherapie.<br \/>2. R\u00f6ntgengef\u00fchrte Testinjektionen. <br \/>3. Radiofrequenztherapie (Denervierung \/ Ver\u00f6dung).<\/p><\/div>\n\t\t\t\t<\/div>\n\t\t\t\t\t\t\t<div class=\"elementor-accordion-item\">\n\t\t\t\t\t<div id=\"elementor-tab-title-2027\" class=\"elementor-tab-title\" data-tab=\"7\" role=\"button\" aria-controls=\"elementor-tab-content-2027\" aria-expanded=\"false\">\n\t\t\t\t\t\t\t\t\t\t\t\t\t<span class=\"elementor-accordion-icon elementor-accordion-icon-left\" aria-hidden=\"true\">\n\t\t\t\t\t\t\t\t\t\t\t\t\t\t\t<span class=\"elementor-accordion-icon-closed\"><i class=\"fas fa-plus\"><\/i><\/span>\n\t\t\t\t\t\t\t\t<span class=\"elementor-accordion-icon-opened\"><i class=\"fas fa-minus\"><\/i><\/span>\n\t\t\t\t\t\t\t\t\t\t\t\t\t\t<\/span>\n\t\t\t\t\t\t\t\t\t\t\t\t<a class=\"elementor-accordion-title\" tabindex=\"0\">Muskel- \/ Nerverkrankungen ungekl\u00e4rter Ursache<\/a>\n\t\t\t\t\t<\/div>\n\t\t\t\t\t<div id=\"elementor-tab-content-2027\" class=\"elementor-tab-content elementor-clearfix\" data-tab=\"7\" role=\"region\" aria-labelledby=\"elementor-tab-title-2027\"><p>Es gibt weitere Ursachen von Schmerzen, Missempfindungen, anderen Gef\u00fchlsst\u00f6rungen oder Kraftlosigkeit in Beinen, Armen oder auch dem Rumpf. H\u00e4ufig sind dabei beide Seiten symmetrisch betroffen und die Symptome nehmen langsam an Intensit\u00e4t zu. <br \/>Hierbei liegt der Ausgangspunkt der Erkrankung meist nicht an der Wirbels\u00e4ule, sondern in den peripheren Nerven \/ Nervenenden oder in den Muskeln selber. Eine solche Polyneuropathie oder Myopathie tritt z.B. h\u00e4ufig nach langj\u00e4hrigem Diabetes mellitus auf. Allerdings ist dies nur eine von vielen Ursachen, die von den KollegInnen der Neurologie diagnostiziert und behandelt werden. Falls sich in einigen F\u00e4llen keine konkrete Diagnose finden l\u00e4sst, besteht die Indikation f\u00fcr eine Muskel- \/ Nervbiopsie. Wir kooperieren hier eng mit der Neurologischen Abteilung der F\u00f6hrenbachklinik, die uns die Patienten zur konsiliarischen Operation zuweisen.<br \/>Bei dieser kleinen ambulanten Operation in lokaler Bet\u00e4ubung entnehmen wir ein Muskelst\u00fcck meist aus dem Oberschenkel sowie eine Nervenprobe am Fu\u00dfkn\u00f6chel. Die Proben werden dann unmittelbar in ein spezialisiertes Zentrum f\u00fcr Neuropathologie in der Universit\u00e4tsklinik D\u00fcsseldorf geschickt und dort feingeweblich untersucht. Dadurch lassen sich oft die Ursachen der Beschwerden konkretisieren.<br \/>Die Details und Abl\u00e4ufe werden von den Neurologen und uns organisiert und detailliert mit Ihnen besprochen. Die weitere Behandlung erfolgt in der Neurologie.<\/p><\/div>\n\t\t\t\t<\/div>\n\t\t\t\t\t\t\t\t<\/div>\n\t\t\t\t\t\t<\/div>\n\t\t\t\t<\/div>\n\t\t\t\t\t<\/div>\n\t\t<\/div>\n\t\t\t\t\t<\/div>\n\t\t<\/section>\n\t\t\t\t<section class=\"has_eae_slider elementor-section elementor-top-section elementor-element elementor-element-c27b968 elementor-section-boxed elementor-section-height-default elementor-section-height-default\" data-eae-slider=\"93662\" data-id=\"c27b968\" data-element_type=\"section\" data-e-type=\"section\" data-settings=\"{&quot;_ha_eqh_enable&quot;:false}\">\n\t\t\t\t\t\t<div class=\"elementor-container elementor-column-gap-default\">\n\t\t\t\t\t<div class=\"has_eae_slider elementor-column elementor-col-100 elementor-top-column elementor-element elementor-element-9038801\" data-eae-slider=\"76914\" data-id=\"9038801\" data-element_type=\"column\" data-e-type=\"column\">\n\t\t\t<div class=\"elementor-widget-wrap elementor-element-populated\">\n\t\t\t\t\t\t<div class=\"elementor-element elementor-element-6857928 elementor-widget elementor-widget-html\" data-id=\"6857928\" data-element_type=\"widget\" data-e-type=\"widget\" data-widget_type=\"html.default\">\n\t\t\t\t<div class=\"elementor-widget-container\">\n\t\t\t\t\t<script> \njQuery(document).ready(function($) { \nvar delay = 100; setTimeout(function() { \n$('.elementor-tab-title').removeClass('elementor-active');\n $('.elementor-tab-content').css('display', 'none'); }, delay); \n}); \n<\/script>\t\t\t\t<\/div>\n\t\t\t\t<\/div>\n\t\t\t\t\t<\/div>\n\t\t<\/div>\n\t\t\t\t\t<\/div>\n\t\t<\/section>\n\t\t\t\t<\/div>\n\t\t","protected":false},"excerpt":{"rendered":"<p>Krankheitsbilder Einer unserer Schwerpunkte umfasst die Behandlung von R\u00fcckenleiden. Die Schilderung der Beschwerden und die neurologische Untersuchung der Patienten gibt uns hierbei neben den Bildern (CT oder MRT) wertvolle Hinweise auf deren Ursache. Im Folgenden erl\u00e4utern wir einige h\u00e4ufige Krankheitsbilder, Diagnosen und Therapieoptionen. Zu den Behandlungen siehe auch Kapitel \u201eBehandlungsabl\u00e4ufe\u201c. Der Wirbels\u00e4ulenschmerz &#8211; \u00dcbersicht Schmerzen [&hellip;]<\/p>\n","protected":false},"author":1,"featured_media":0,"parent":0,"menu_order":0,"comment_status":"closed","ping_status":"closed","template":"","meta":{"ngg_post_thumbnail":0,"ocean_front_end_style_editor":"no","ocean_post_layout":"","ocean_both_sidebars_style":"","ocean_both_sidebars_content_width":0,"ocean_both_sidebars_sidebars_width":0,"ocean_sidebar":"0","ocean_second_sidebar":"0","ocean_disable_margins":"enable","ocean_add_body_class":"","ocean_shortcode_before_top_bar":"","ocean_shortcode_after_top_bar":"","ocean_shortcode_before_header":"","ocean_shortcode_after_header":"","ocean_has_shortcode":"","ocean_shortcode_after_title":"","ocean_shortcode_before_footer_widgets":"","ocean_shortcode_after_footer_widgets":"","ocean_shortcode_before_footer_bottom":"","ocean_shortcode_after_footer_bottom":"","ocean_display_top_bar":"default","ocean_display_header":"default","ocean_header_style":"","ocean_center_header_left_menu":"0","ocean_custom_header_template":"0","ocean_custom_logo":0,"ocean_custom_retina_logo":0,"ocean_custom_logo_max_width":0,"ocean_custom_logo_tablet_max_width":0,"ocean_custom_logo_mobile_max_width":0,"ocean_custom_logo_max_height":0,"ocean_custom_logo_tablet_max_height":0,"ocean_custom_logo_mobile_max_height":0,"ocean_header_custom_menu":"0","ocean_menu_typo_font_family":"0","ocean_menu_typo_font_subset":"","ocean_menu_typo_font_size":0,"ocean_menu_typo_font_size_tablet":0,"ocean_menu_typo_font_size_mobile":0,"ocean_menu_typo_font_size_unit":"px","ocean_menu_typo_font_weight":"","ocean_menu_typo_font_weight_tablet":"","ocean_menu_typo_font_weight_mobile":"","ocean_menu_typo_transform":"","ocean_menu_typo_transform_tablet":"","ocean_menu_typo_transform_mobile":"","ocean_menu_typo_line_height":0,"ocean_menu_typo_line_height_tablet":0,"ocean_menu_typo_line_height_mobile":0,"ocean_menu_typo_line_height_unit":"","ocean_menu_typo_spacing":0,"ocean_menu_typo_spacing_tablet":0,"ocean_menu_typo_spacing_mobile":0,"ocean_menu_typo_spacing_unit":"","ocean_menu_link_color":"","ocean_menu_link_color_hover":"","ocean_menu_link_color_active":"","ocean_menu_link_background":"","ocean_menu_link_hover_background":"","ocean_menu_link_active_background":"","ocean_menu_social_links_bg":"","ocean_menu_social_hover_links_bg":"","ocean_menu_social_links_color":"","ocean_menu_social_hover_links_color":"","ocean_disable_title":"default","ocean_disable_heading":"default","ocean_post_title":"","ocean_post_subheading":"","ocean_post_title_style":"","ocean_post_title_background_color":"","ocean_post_title_background":0,"ocean_post_title_bg_image_position":"","ocean_post_title_bg_image_attachment":"","ocean_post_title_bg_image_repeat":"","ocean_post_title_bg_image_size":"","ocean_post_title_height":0,"ocean_post_title_bg_overlay":0.5,"ocean_post_title_bg_overlay_color":"","ocean_disable_breadcrumbs":"default","ocean_breadcrumbs_color":"","ocean_breadcrumbs_separator_color":"","ocean_breadcrumbs_links_color":"","ocean_breadcrumbs_links_hover_color":"","ocean_display_footer_widgets":"default","ocean_display_footer_bottom":"default","ocean_custom_footer_template":"0","footnotes":""},"class_list":["post-25","page","type-page","status-publish","hentry","entry"],"jetpack_sharing_enabled":true,"_links":{"self":[{"href":"https:\/\/neurochirurgie-kleve.de\/nck\/wp-json\/wp\/v2\/pages\/25","targetHints":{"allow":["GET"]}}],"collection":[{"href":"https:\/\/neurochirurgie-kleve.de\/nck\/wp-json\/wp\/v2\/pages"}],"about":[{"href":"https:\/\/neurochirurgie-kleve.de\/nck\/wp-json\/wp\/v2\/types\/page"}],"author":[{"embeddable":true,"href":"https:\/\/neurochirurgie-kleve.de\/nck\/wp-json\/wp\/v2\/users\/1"}],"replies":[{"embeddable":true,"href":"https:\/\/neurochirurgie-kleve.de\/nck\/wp-json\/wp\/v2\/comments?post=25"}],"version-history":[{"count":70,"href":"https:\/\/neurochirurgie-kleve.de\/nck\/wp-json\/wp\/v2\/pages\/25\/revisions"}],"predecessor-version":[{"id":901,"href":"https:\/\/neurochirurgie-kleve.de\/nck\/wp-json\/wp\/v2\/pages\/25\/revisions\/901"}],"wp:attachment":[{"href":"https:\/\/neurochirurgie-kleve.de\/nck\/wp-json\/wp\/v2\/media?parent=25"}],"curies":[{"name":"wp","href":"https:\/\/api.w.org\/{rel}","templated":true}]}}